{"id":58,"date":"2024-04-03T14:58:36","date_gmt":"2024-04-03T21:58:36","guid":{"rendered":"https:\/\/www.portusaludynutricion.org\/?page_id=58"},"modified":"2025-04-24T21:44:45","modified_gmt":"2025-04-25T04:44:45","slug":"ponte-al-dia","status":"publish","type":"page","link":"https:\/\/www.portusaludynutricion.org\/en\/ponte-al-dia\/","title":{"rendered":"News"},"content":{"rendered":"<div data-elementor-type=\"wp-page\" data-elementor-id=\"58\" class=\"elementor elementor-58\" data-elementor-post-type=\"page\">\n\t\t\t\t<div class=\"elementor-element elementor-element-0425b04 e-flex e-con-boxed e-con e-parent\" data-id=\"0425b04\" data-element_type=\"container\" data-settings=\"{&quot;background_background&quot;:&quot;classic&quot;}\">\n\t\t\t\t\t<div class=\"e-con-inner\">\n\t\t\t\t<div class=\"elementor-element elementor-element-78c09fd elementor-widget elementor-widget-heading\" data-id=\"78c09fd\" data-element_type=\"widget\" data-widget_type=\"heading.default\">\n\t\t\t\t<div class=\"elementor-widget-container\">\n\t\t\t\t\t<h2 class=\"elementor-heading-title elementor-size-default\">News<\/h2>\t\t\t\t<\/div>\n\t\t\t\t<\/div>\n\t\t\t\t\t<\/div>\n\t\t\t\t<\/div>\n\t\t<div class=\"elementor-element elementor-element-7edf41f e-flex e-con-boxed e-con e-parent\" data-id=\"7edf41f\" data-element_type=\"container\">\n\t\t\t\t\t<div class=\"e-con-inner\">\n\t\t\t\t<div class=\"elementor-element elementor-element-32c7532 elementor-widget elementor-widget-heading\" data-id=\"32c7532\" data-element_type=\"widget\" data-widget_type=\"heading.default\">\n\t\t\t\t<div class=\"elementor-widget-container\">\n\t\t\t\t\t<h2 class=\"elementor-heading-title elementor-size-default\">Integran a estudiantes de secundaria en proyecto de huertos escolares<\/h2>\t\t\t\t<\/div>\n\t\t\t\t<\/div>\n\t\t\t\t<div class=\"elementor-element elementor-element-b0ee824 elementor-widget elementor-widget-image\" data-id=\"b0ee824\" data-element_type=\"widget\" data-widget_type=\"image.default\">\n\t\t\t\t<div class=\"elementor-widget-container\">\n\t\t\t\t\t\t\t\t\t\t\t\t\t\t\t<img fetchpriority=\"high\" decoding=\"async\" width=\"800\" height=\"450\" src=\"https:\/\/www.portusaludynutricion.org\/wp-content\/uploads\/2025\/03\/07bad799-b9bc-42d1-9fe0-6f9ade837583-1024x576.webp\" class=\"attachment-large size-large wp-image-667\" alt=\"\" srcset=\"https:\/\/www.portusaludynutricion.org\/wp-content\/uploads\/2025\/03\/07bad799-b9bc-42d1-9fe0-6f9ade837583-1024x576.webp 1024w, https:\/\/www.portusaludynutricion.org\/wp-content\/uploads\/2025\/03\/07bad799-b9bc-42d1-9fe0-6f9ade837583-300x169.webp 300w, https:\/\/www.portusaludynutricion.org\/wp-content\/uploads\/2025\/03\/07bad799-b9bc-42d1-9fe0-6f9ade837583-768x432.webp 768w, https:\/\/www.portusaludynutricion.org\/wp-content\/uploads\/2025\/03\/07bad799-b9bc-42d1-9fe0-6f9ade837583-18x10.webp 18w, https:\/\/www.portusaludynutricion.org\/wp-content\/uploads\/2025\/03\/07bad799-b9bc-42d1-9fe0-6f9ade837583.webp 1200w\" sizes=\"(max-width: 800px) 100vw, 800px\" \/>\t\t\t\t\t\t\t\t\t\t\t\t\t\t\t<\/div>\n\t\t\t\t<\/div>\n\t\t\t\t<div class=\"elementor-element elementor-element-7d21866 elementor-widget elementor-widget-text-editor\" data-id=\"7d21866\" data-element_type=\"widget\" data-widget_type=\"text-editor.default\">\n\t\t\t\t<div class=\"elementor-widget-container\">\n\t\t\t\t\t\t\t\t\t<p>La Lic. Alma Rosa Morales Maza, directora de<b class=\"bold\">\u00a0\u201cPor tu Salud y Nutrici\u00f3n I.A.P.\u201d<\/b>\u00a0inform\u00f3 que esta asociaci\u00f3n es pionera en la implementaci\u00f3n del <strong>modelo promotor comunitario<\/strong> en las\u00a0<b class=\"bold\">escuelas<\/b>, aunque desde hace 10 a\u00f1os se lleva a cabo entre los residentes de la<b class=\"bold\">\u00a0zona rural.<\/b><\/p><p class=\"Typography_text-default__P3otY Typography_weight-normal__pqUbH Typography_text-default__P3otY Typography_weight-normal__pqUbH\">Alumnos de<b class=\"bold\">\u00a0escuelas secundarias<\/b>\u00a0de<b class=\"bold\">\u00a0San Luis R\u00edo Colorado<\/b>\u00a0y el\u00a0<b class=\"bold\">valle<\/b>\u00a0reciben capacitaci\u00f3n como promotores comunitarios, por lo que est\u00e1n involucrados en el proyecto de<b class=\"bold\">\u00a0huertos escolares<\/b>\u00a0en el que aprenden a cultivar sus propios alimentos, aspectos de nutrici\u00f3n y se integran a talleres de apoyo emocional.<\/p><p class=\"Typography_text-default__P3otY Typography_weight-normal__pqUbH Typography_text-default__P3otY Typography_weight-normal__pqUbH\">El modelo promotor comunitario se efect\u00faa desde hace 2 a\u00f1os en la\u00a0<b class=\"bold\">Escuela Secundaria T\u00e9cnica<\/b>\u00a0<strong>#4<\/strong> y desde hace un a\u00f1o en la<b class=\"bold\"> Secundaria T\u00e9cnica #<\/b><strong>12<\/strong> del ejido Islita de este municipio, con la participaci\u00f3n de alrededor de 90 alumnos que se interesaron en formar parte de este proyecto que promueve el cuidado de la <b class=\"bold\">salud f\u00edsica y mental<\/b> agradeciendo el apoyo que se ha tenido del director y los profesores involucrados en este proyecto.<\/p><p class=\"Typography_text-default__P3otY Typography_weight-normal__pqUbH Typography_text-default__P3otY Typography_weight-normal__pqUbH\">Uno de los principales prop\u00f3sitos de este programa es lograr que los estudiantes repliquen los conocimientos adquiridos, en sus entornos, en sus comunidades, con sus familiares, amigos y vecinos, para que cada vez haya m\u00e1s gente interesada en tener\u00a0<b class=\"bold\">huertos<\/b>\u00a0en los\u00a0<b class=\"bold\">patios de sus casas<\/b> y se alimenten de una mejor manera para <b class=\"bold\">prevenir enfermedades.<\/b><\/p><p class=\"Typography_text-default__P3otY Typography_weight-normal__pqUbH Typography_text-default__P3otY Typography_weight-normal__pqUbH\">\u201c<i class=\"italic\">Hemos visto cambios importantes en la salud y nutrici\u00f3n de los alumnos que participan pues han manifestado su inter\u00e9s por tener huertos en sus casas y eso para nosotros es muy importante porque estamos fomentando en ellos la idea de que pueden cambiar su futuro a trav\u00e9s de lo que est\u00e1n aprendiendo, promoviendo el cuidado de su salud mediante el cultivo y consumo de alimentos org\u00e1nicos<\/i>\u201d.<\/p>\t\t\t\t\t\t\t\t<\/div>\n\t\t\t\t<\/div>\n\t\t\t\t\t<\/div>\n\t\t\t\t<\/div>\n\t\t<div class=\"elementor-element elementor-element-0163c25 e-flex e-con-boxed e-con e-parent\" data-id=\"0163c25\" data-element_type=\"container\" data-settings=\"{&quot;background_background&quot;:&quot;classic&quot;}\">\n\t\t\t\t\t<div class=\"e-con-inner\">\n\t\t\t\t\t<\/div>\n\t\t\t\t<\/div>\n\t\t<div class=\"elementor-element elementor-element-2e1aada e-flex e-con-boxed e-con e-parent\" data-id=\"2e1aada\" data-element_type=\"container\">\n\t\t\t\t\t<div class=\"e-con-inner\">\n\t\t\t\t<div class=\"elementor-element elementor-element-cdb0510 elementor-widget elementor-widget-heading\" data-id=\"cdb0510\" data-element_type=\"widget\" data-widget_type=\"heading.default\">\n\t\t\t\t<div class=\"elementor-widget-container\">\n\t\t\t\t\t<h2 class=\"elementor-heading-title elementor-size-default\">9NA FERIA DE SALUD DE LOS CAMPESINOS DEL VALLE<\/h2>\t\t\t\t<\/div>\n\t\t\t\t<\/div>\n\t\t\t\t<div class=\"elementor-element elementor-element-50540a7 elementor-widget elementor-widget-image\" data-id=\"50540a7\" data-element_type=\"widget\" data-widget_type=\"image.default\">\n\t\t\t\t<div class=\"elementor-widget-container\">\n\t\t\t\t\t\t\t\t\t\t\t\t\t\t\t<img decoding=\"async\" width=\"800\" height=\"565\" src=\"https:\/\/www.portusaludynutricion.org\/wp-content\/uploads\/2024\/10\/AD-1024x723.png\" class=\"attachment-large size-large wp-image-457\" alt=\"\" srcset=\"https:\/\/www.portusaludynutricion.org\/wp-content\/uploads\/2024\/10\/AD-1024x723.png 1024w, https:\/\/www.portusaludynutricion.org\/wp-content\/uploads\/2024\/10\/AD-300x212.png 300w, https:\/\/www.portusaludynutricion.org\/wp-content\/uploads\/2024\/10\/AD-768x542.png 768w, https:\/\/www.portusaludynutricion.org\/wp-content\/uploads\/2024\/10\/AD-18x12.png 18w, https:\/\/www.portusaludynutricion.org\/wp-content\/uploads\/2024\/10\/AD.png 1280w\" sizes=\"(max-width: 800px) 100vw, 800px\" \/>\t\t\t\t\t\t\t\t\t\t\t\t\t\t\t<\/div>\n\t\t\t\t<\/div>\n\t\t<div class=\"elementor-element elementor-element-2d648d1 e-con-full e-flex e-con e-child\" data-id=\"2d648d1\" data-element_type=\"container\">\n\t\t<div class=\"elementor-element elementor-element-3c8fc74 e-con-full e-flex e-con e-child\" data-id=\"3c8fc74\" data-element_type=\"container\">\n\t\t\t\t<div class=\"elementor-element elementor-element-dc09f79 elementor-widget elementor-widget-image\" data-id=\"dc09f79\" data-element_type=\"widget\" data-widget_type=\"image.default\">\n\t\t\t\t<div class=\"elementor-widget-container\">\n\t\t\t\t\t\t\t\t\t\t\t\t\t\t\t<img decoding=\"async\" width=\"800\" height=\"600\" src=\"https:\/\/www.portusaludynutricion.org\/wp-content\/uploads\/2025\/04\/IMG_20241023_114248871_HDR-scaled-e1745368572192-1024x768.jpg\" class=\"attachment-large size-large wp-image-920\" alt=\"\" srcset=\"https:\/\/www.portusaludynutricion.org\/wp-content\/uploads\/2025\/04\/IMG_20241023_114248871_HDR-scaled-e1745368572192-1024x768.jpg 1024w, https:\/\/www.portusaludynutricion.org\/wp-content\/uploads\/2025\/04\/IMG_20241023_114248871_HDR-scaled-e1745368572192-300x225.jpg 300w, https:\/\/www.portusaludynutricion.org\/wp-content\/uploads\/2025\/04\/IMG_20241023_114248871_HDR-scaled-e1745368572192-768x576.jpg 768w, https:\/\/www.portusaludynutricion.org\/wp-content\/uploads\/2025\/04\/IMG_20241023_114248871_HDR-scaled-e1745368572192-1536x1152.jpg 1536w, https:\/\/www.portusaludynutricion.org\/wp-content\/uploads\/2025\/04\/IMG_20241023_114248871_HDR-scaled-e1745368572192-16x12.jpg 16w, https:\/\/www.portusaludynutricion.org\/wp-content\/uploads\/2025\/04\/IMG_20241023_114248871_HDR-scaled-e1745368572192.jpg 1928w\" sizes=\"(max-width: 800px) 100vw, 800px\" \/>\t\t\t\t\t\t\t\t\t\t\t\t\t\t\t<\/div>\n\t\t\t\t<\/div>\n\t\t\t\t<\/div>\n\t\t<div class=\"elementor-element elementor-element-5396036 e-con-full e-flex e-con e-child\" data-id=\"5396036\" data-element_type=\"container\">\n\t\t\t\t<div class=\"elementor-element elementor-element-88c40c0 elementor-widget elementor-widget-image\" data-id=\"88c40c0\" data-element_type=\"widget\" data-widget_type=\"image.default\">\n\t\t\t\t<div class=\"elementor-widget-container\">\n\t\t\t\t\t\t\t\t\t\t\t\t\t\t\t<img loading=\"lazy\" decoding=\"async\" width=\"800\" height=\"600\" src=\"https:\/\/www.portusaludynutricion.org\/wp-content\/uploads\/2025\/04\/IMG_20241023_105129151_HDR-scaled-e1745368600252-1024x768.jpg\" class=\"attachment-large size-large wp-image-919\" alt=\"\" srcset=\"https:\/\/www.portusaludynutricion.org\/wp-content\/uploads\/2025\/04\/IMG_20241023_105129151_HDR-scaled-e1745368600252-1024x768.jpg 1024w, https:\/\/www.portusaludynutricion.org\/wp-content\/uploads\/2025\/04\/IMG_20241023_105129151_HDR-scaled-e1745368600252-300x225.jpg 300w, https:\/\/www.portusaludynutricion.org\/wp-content\/uploads\/2025\/04\/IMG_20241023_105129151_HDR-scaled-e1745368600252-768x576.jpg 768w, https:\/\/www.portusaludynutricion.org\/wp-content\/uploads\/2025\/04\/IMG_20241023_105129151_HDR-scaled-e1745368600252-1536x1152.jpg 1536w, https:\/\/www.portusaludynutricion.org\/wp-content\/uploads\/2025\/04\/IMG_20241023_105129151_HDR-scaled-e1745368600252-16x12.jpg 16w, https:\/\/www.portusaludynutricion.org\/wp-content\/uploads\/2025\/04\/IMG_20241023_105129151_HDR-scaled-e1745368600252.jpg 1928w\" sizes=\"(max-width: 800px) 100vw, 800px\" \/>\t\t\t\t\t\t\t\t\t\t\t\t\t\t\t<\/div>\n\t\t\t\t<\/div>\n\t\t\t\t<\/div>\n\t\t<div class=\"elementor-element elementor-element-6c2f676 e-con-full e-flex e-con e-child\" data-id=\"6c2f676\" data-element_type=\"container\">\n\t\t\t\t<div class=\"elementor-element elementor-element-9ea54cf elementor-widget elementor-widget-image\" data-id=\"9ea54cf\" data-element_type=\"widget\" data-widget_type=\"image.default\">\n\t\t\t\t<div class=\"elementor-widget-container\">\n\t\t\t\t\t\t\t\t\t\t\t\t\t\t\t<img loading=\"lazy\" decoding=\"async\" width=\"800\" height=\"602\" src=\"https:\/\/www.portusaludynutricion.org\/wp-content\/uploads\/2025\/04\/IMG_20241023_104908656_HDR-1024x771.jpg\" class=\"attachment-large size-large wp-image-918\" alt=\"\" srcset=\"https:\/\/www.portusaludynutricion.org\/wp-content\/uploads\/2025\/04\/IMG_20241023_104908656_HDR-1024x771.jpg 1024w, https:\/\/www.portusaludynutricion.org\/wp-content\/uploads\/2025\/04\/IMG_20241023_104908656_HDR-300x226.jpg 300w, https:\/\/www.portusaludynutricion.org\/wp-content\/uploads\/2025\/04\/IMG_20241023_104908656_HDR-768x578.jpg 768w, https:\/\/www.portusaludynutricion.org\/wp-content\/uploads\/2025\/04\/IMG_20241023_104908656_HDR-1536x1157.jpg 1536w, https:\/\/www.portusaludynutricion.org\/wp-content\/uploads\/2025\/04\/IMG_20241023_104908656_HDR-2048x1542.jpg 2048w, https:\/\/www.portusaludynutricion.org\/wp-content\/uploads\/2025\/04\/IMG_20241023_104908656_HDR-16x12.jpg 16w\" sizes=\"(max-width: 800px) 100vw, 800px\" \/>\t\t\t\t\t\t\t\t\t\t\t\t\t\t\t<\/div>\n\t\t\t\t<\/div>\n\t\t\t\t<\/div>\n\t\t<div class=\"elementor-element elementor-element-66fc952 e-con-full e-flex e-con e-child\" data-id=\"66fc952\" data-element_type=\"container\">\n\t\t\t\t<div class=\"elementor-element elementor-element-68e95f2 elementor-widget elementor-widget-image\" data-id=\"68e95f2\" data-element_type=\"widget\" data-widget_type=\"image.default\">\n\t\t\t\t<div class=\"elementor-widget-container\">\n\t\t\t\t\t\t\t\t\t\t\t\t\t\t\t<img loading=\"lazy\" decoding=\"async\" width=\"800\" height=\"600\" src=\"https:\/\/www.portusaludynutricion.org\/wp-content\/uploads\/2025\/04\/IMG_20241023_094009099_HDR-scaled-e1745368633775-1024x768.jpg\" class=\"attachment-large size-large wp-image-917\" alt=\"\" srcset=\"https:\/\/www.portusaludynutricion.org\/wp-content\/uploads\/2025\/04\/IMG_20241023_094009099_HDR-scaled-e1745368633775-1024x768.jpg 1024w, https:\/\/www.portusaludynutricion.org\/wp-content\/uploads\/2025\/04\/IMG_20241023_094009099_HDR-scaled-e1745368633775-300x225.jpg 300w, https:\/\/www.portusaludynutricion.org\/wp-content\/uploads\/2025\/04\/IMG_20241023_094009099_HDR-scaled-e1745368633775-768x576.jpg 768w, https:\/\/www.portusaludynutricion.org\/wp-content\/uploads\/2025\/04\/IMG_20241023_094009099_HDR-scaled-e1745368633775-1536x1152.jpg 1536w, https:\/\/www.portusaludynutricion.org\/wp-content\/uploads\/2025\/04\/IMG_20241023_094009099_HDR-scaled-e1745368633775-16x12.jpg 16w, https:\/\/www.portusaludynutricion.org\/wp-content\/uploads\/2025\/04\/IMG_20241023_094009099_HDR-scaled-e1745368633775.jpg 1928w\" sizes=\"(max-width: 800px) 100vw, 800px\" \/>\t\t\t\t\t\t\t\t\t\t\t\t\t\t\t<\/div>\n\t\t\t\t<\/div>\n\t\t\t\t<\/div>\n\t\t\t\t<\/div>\n\t\t\t\t<div class=\"elementor-element elementor-element-255011e elementor-widget elementor-widget-text-editor\" data-id=\"255011e\" data-element_type=\"widget\" data-widget_type=\"text-editor.default\">\n\t\t\t\t<div class=\"elementor-widget-container\">\n\t\t\t\t\t\t\t\t\t<p>Este a\u00f1o, celebramos con orgullo nuestro d\u00e9cimo aniversario, reafirmando nuestro compromiso con la comunidad de jornaleros agr\u00edcolas. Cada a\u00f1o, realizamos una Feria de Salud itinerante con el apoyo de universidades y colaboradores, llevando servicios de salud a la comunidad. Nuestro objetivo es facilitar el acceso a la atenci\u00f3n m\u00e9dica y promover el bienestar de quienes m\u00e1s lo necesitan.<\/p><p>A la comunidad de la Secundaria T\u00e9cnica #12,<\/p><p>En nombre de <strong>Por Tu Salud y Nutrici\u00f3n I.A.P.<\/strong>, queremos expresar nuestro m\u00e1s sincero agradecimiento por el apoyo brindado a nuestra <strong>9na Feria de Salud de los Campesinos del Valle<\/strong>. Su generosidad ha sido crucial para el \u00e9xito de este evento.<\/p><p>Estamos especialmente entusiasmados por la oportunidad de colaborar en la creaci\u00f3n de un huerto escolar con los alumnos de 3er grado. Esta iniciativa no solo promover\u00e1 la educaci\u00f3n sobre la nutrici\u00f3n y el cuidado del medio ambiente, sino que tambi\u00e9n fortalecer\u00e1 la relaci\u00f3n entre los estudiantes y su entorno.<\/p><p>Apreciamos profundamente su compromiso con el bienestar de la comunidad y esperamos continuar trabajando juntos en futuros proyectos que beneficien a nuestros j\u00f3venes.<\/p><p><strong>Gracias por ser parte de esta incre\u00edble experiencia en noviembre de 2023.<\/strong><\/p>\t\t\t\t\t\t\t\t<\/div>\n\t\t\t\t<\/div>\n\t\t\t\t<div class=\"elementor-element elementor-element-fd3b89c elementor-widget elementor-widget-image\" data-id=\"fd3b89c\" data-element_type=\"widget\" data-widget_type=\"image.default\">\n\t\t\t\t<div class=\"elementor-widget-container\">\n\t\t\t\t\t\t\t\t\t\t\t\t\t\t\t<img loading=\"lazy\" decoding=\"async\" width=\"663\" height=\"1024\" src=\"https:\/\/www.portusaludynutricion.org\/wp-content\/uploads\/2025\/03\/1_CONGRESO-663x1024.jpeg\" class=\"attachment-large size-large wp-image-673\" alt=\"\" srcset=\"https:\/\/www.portusaludynutricion.org\/wp-content\/uploads\/2025\/03\/1_CONGRESO-663x1024.jpeg 663w, https:\/\/www.portusaludynutricion.org\/wp-content\/uploads\/2025\/03\/1_CONGRESO-194x300.jpeg 194w, https:\/\/www.portusaludynutricion.org\/wp-content\/uploads\/2025\/03\/1_CONGRESO-768x1186.jpeg 768w, https:\/\/www.portusaludynutricion.org\/wp-content\/uploads\/2025\/03\/1_CONGRESO-995x1536.jpeg 995w, https:\/\/www.portusaludynutricion.org\/wp-content\/uploads\/2025\/03\/1_CONGRESO-8x12.jpeg 8w, https:\/\/www.portusaludynutricion.org\/wp-content\/uploads\/2025\/03\/1_CONGRESO.jpeg 1036w\" sizes=\"(max-width: 663px) 100vw, 663px\" \/>\t\t\t\t\t\t\t\t\t\t\t\t\t\t\t<\/div>\n\t\t\t\t<\/div>\n\t\t\t\t<div class=\"elementor-element elementor-element-a602adf elementor-widget elementor-widget-text-editor\" data-id=\"a602adf\" data-element_type=\"widget\" data-widget_type=\"text-editor.default\">\n\t\t\t\t<div class=\"elementor-widget-container\">\n\t\t\t\t\t\t\t\t\t<p class=\"\" data-start=\"104\" data-end=\"204\"><strong data-start=\"104\" data-end=\"204\">Primer Congreso Internacional en colaboraci\u00f3n con la Alianza Binacional de Promotores\/CHW US-MEX<\/strong><\/p><p class=\"\" data-start=\"206\" data-end=\"603\">Con gran satisfacci\u00f3n, se llev\u00f3 a cabo el <strong data-start=\"248\" data-end=\"281\">Primer Congreso Internacional<\/strong>, organizado en colaboraci\u00f3n con la <strong data-start=\"317\" data-end=\"364\">Alianza Binacional de Promotores\/CHW US-MEX<\/strong>, en las instalaciones de la <strong data-start=\"393\" data-end=\"445\">Universidad Tecnol\u00f3gica de San Luis R\u00edo Colorado<\/strong>. Este evento marc\u00f3 un importante precedente en la promoci\u00f3n del di\u00e1logo, el aprendizaje y la cooperaci\u00f3n binacional en temas de salud, educaci\u00f3n y comunidad.<\/p><p class=\"\" data-start=\"605\" data-end=\"801\">El congreso cont\u00f3 con la asistencia de aproximadamente <strong data-start=\"660\" data-end=\"676\">380 personas<\/strong>, entre estudiantes, docentes, profesionales de la salud, promotores comunitarios y representantes de organizaciones civiles.<\/p><p class=\"\" data-start=\"803\" data-end=\"841\">Entre los participantes se destacaron:<\/p><ul data-start=\"843\" data-end=\"1242\"><li class=\"\" data-start=\"843\" data-end=\"895\"><p class=\"\" data-start=\"845\" data-end=\"895\"><strong data-start=\"845\" data-end=\"858\">CECATI 52<\/strong> de Ciudad Morelos, Baja California<\/p><\/li><li class=\"\" data-start=\"896\" data-end=\"997\"><p class=\"\" data-start=\"898\" data-end=\"997\"><strong data-start=\"898\" data-end=\"910\">CBTIS 33<\/strong> de San Luis R\u00edo Colorado, que ofreci\u00f3 una destacada presentaci\u00f3n de danza folcl\u00f3rica<\/p><\/li><li class=\"\" data-start=\"998\" data-end=\"1070\"><p class=\"\" data-start=\"1000\" data-end=\"1070\"><strong data-start=\"1000\" data-end=\"1028\">Secundaria T\u00e9cnica No. 4<\/strong>, con la participaci\u00f3n de 45 estudiantes<\/p><\/li><li class=\"\" data-start=\"1071\" data-end=\"1242\"><p class=\"\" data-start=\"1073\" data-end=\"1242\">Estudiantes de la <strong data-start=\"1091\" data-end=\"1130\">Universidad Estatal de Sonora (UES)<\/strong>, <strong data-start=\"1132\" data-end=\"1193\">Universidad Tecnol\u00f3gica de San Luis R\u00edo Colorado (UTSLRC)<\/strong> y el <strong data-start=\"1199\" data-end=\"1242\">Centro Universitario del Sonora (CUSON)<\/strong><\/p><\/li><\/ul><p class=\"\" data-start=\"1244\" data-end=\"1483\">Uno de los momentos m\u00e1s enriquecedores del evento fue la conferencia impartida por la <strong data-start=\"1330\" data-end=\"1361\">Lic. Rebeca Isabel Qui\u00f1ones<\/strong>, titulada <strong data-start=\"1372\" data-end=\"1407\">&#8220;Sexualidad en la adolescencia&#8221;<\/strong>, la cual gener\u00f3 un espacio de reflexi\u00f3n y aprendizaje entre los asistentes.<\/p><p class=\"\" data-start=\"1485\" data-end=\"1633\">Asimismo, los asistentes pudieron disfrutar de una <strong data-start=\"1536\" data-end=\"1578\">degustaci\u00f3n de platillos<\/strong>, como parte de una experiencia cultural e integradora.<\/p><p class=\"\" data-start=\"1635\" data-end=\"1739\">Este congreso tambi\u00e9n cont\u00f3 con la participaci\u00f3n de destacadas organizaciones comunitarias, entre ellas:<\/p><ul data-start=\"1741\" data-end=\"1800\"><li class=\"\" data-start=\"1741\" data-end=\"1773\"><p class=\"\" data-start=\"1743\" data-end=\"1773\"><strong data-start=\"1743\" data-end=\"1771\">Campesinos Sin Fronteras<\/strong><\/p><\/li><li class=\"\" data-start=\"1774\" data-end=\"1800\"><p class=\"\" data-start=\"1776\" data-end=\"1800\"><strong data-start=\"1776\" data-end=\"1800\">Fundaci\u00f3n Ojos Vivos<\/strong><\/p><\/li><\/ul><p class=\"\" data-start=\"1802\" data-end=\"1989\">El \u00e9xito de este primer congreso refleja el compromiso conjunto por fortalecer los lazos binacionales y promover espacios de formaci\u00f3n y colaboraci\u00f3n en beneficio de nuestras comunidades.<\/p><p class=\"\" data-start=\"1991\" data-end=\"2129\">Agradecemos profundamente la participaci\u00f3n y entusiasmo de todas las personas e instituciones que hicieron posible este importante evento.<\/p>\t\t\t\t\t\t\t\t<\/div>\n\t\t\t\t<\/div>\n\t\t\t\t\t<\/div>\n\t\t\t\t<\/div>\n\t\t<div class=\"elementor-element elementor-element-c01bece e-flex e-con-boxed e-con e-parent\" data-id=\"c01bece\" data-element_type=\"container\" data-settings=\"{&quot;background_background&quot;:&quot;classic&quot;}\">\n\t\t\t\t\t<div class=\"e-con-inner\">\n\t\t\t\t\t<\/div>\n\t\t\t\t<\/div>\n\t\t<div class=\"elementor-element elementor-element-754bc7f e-flex e-con-boxed e-con e-parent\" data-id=\"754bc7f\" data-element_type=\"container\">\n\t\t\t\t\t<div class=\"e-con-inner\">\n\t\t\t\t<div class=\"elementor-element elementor-element-1a7be2f elementor-widget elementor-widget-heading\" data-id=\"1a7be2f\" data-element_type=\"widget\" data-widget_type=\"heading.default\">\n\t\t\t\t<div class=\"elementor-widget-container\">\n\t\t\t\t\t<h2 class=\"elementor-heading-title elementor-size-default\">8VA FERIA DE SALUD DE LOS CAMPESINOS DEL VALLE<\/h2>\t\t\t\t<\/div>\n\t\t\t\t<\/div>\n\t\t\t\t<div class=\"elementor-element elementor-element-cf2d4d4 elementor-widget elementor-widget-image\" data-id=\"cf2d4d4\" data-element_type=\"widget\" data-widget_type=\"image.default\">\n\t\t\t\t<div class=\"elementor-widget-container\">\n\t\t\t\t\t\t\t\t\t\t\t\t\t\t\t<img loading=\"lazy\" decoding=\"async\" width=\"662\" height=\"1024\" src=\"https:\/\/www.portusaludynutricion.org\/wp-content\/uploads\/2025\/03\/4e87a5cb-6d06-4bd6-adf9-14ab9fabbf34-662x1024.jpg\" class=\"attachment-large size-large wp-image-672\" alt=\"\" srcset=\"https:\/\/www.portusaludynutricion.org\/wp-content\/uploads\/2025\/03\/4e87a5cb-6d06-4bd6-adf9-14ab9fabbf34-662x1024.jpg 662w, https:\/\/www.portusaludynutricion.org\/wp-content\/uploads\/2025\/03\/4e87a5cb-6d06-4bd6-adf9-14ab9fabbf34-194x300.jpg 194w, https:\/\/www.portusaludynutricion.org\/wp-content\/uploads\/2025\/03\/4e87a5cb-6d06-4bd6-adf9-14ab9fabbf34-768x1187.jpg 768w, https:\/\/www.portusaludynutricion.org\/wp-content\/uploads\/2025\/03\/4e87a5cb-6d06-4bd6-adf9-14ab9fabbf34-994x1536.jpg 994w, https:\/\/www.portusaludynutricion.org\/wp-content\/uploads\/2025\/03\/4e87a5cb-6d06-4bd6-adf9-14ab9fabbf34-8x12.jpg 8w, https:\/\/www.portusaludynutricion.org\/wp-content\/uploads\/2025\/03\/4e87a5cb-6d06-4bd6-adf9-14ab9fabbf34.jpg 1035w\" sizes=\"(max-width: 662px) 100vw, 662px\" \/>\t\t\t\t\t\t\t\t\t\t\t\t\t\t\t<\/div>\n\t\t\t\t<\/div>\n\t\t\t\t\t<\/div>\n\t\t\t\t<\/div>\n\t\t<div class=\"elementor-element elementor-element-b25e195 e-flex e-con-boxed e-con e-parent\" data-id=\"b25e195\" data-element_type=\"container\" data-settings=\"{&quot;background_background&quot;:&quot;classic&quot;}\">\n\t\t\t\t\t<div class=\"e-con-inner\">\n\t\t\t\t\t<\/div>\n\t\t\t\t<\/div>\n\t\t<div class=\"elementor-element elementor-element-334d4e0 e-flex e-con-boxed e-con e-parent\" data-id=\"334d4e0\" data-element_type=\"container\">\n\t\t\t\t\t<div class=\"e-con-inner\">\n\t\t\t\t<div class=\"elementor-element elementor-element-85f0ca8 elementor-widget elementor-widget-heading\" data-id=\"85f0ca8\" data-element_type=\"widget\" data-widget_type=\"heading.default\">\n\t\t\t\t<div class=\"elementor-widget-container\">\n\t\t\t\t\t<h2 class=\"elementor-heading-title elementor-size-default\">5TA FERIA DE SALUD DE LOS CAMPESINOS DEL VALLE<\/h2>\t\t\t\t<\/div>\n\t\t\t\t<\/div>\n\t\t\t\t<div class=\"elementor-element elementor-element-90a4644 elementor-widget elementor-widget-image\" data-id=\"90a4644\" data-element_type=\"widget\" data-widget_type=\"image.default\">\n\t\t\t\t<div class=\"elementor-widget-container\">\n\t\t\t\t\t\t\t\t\t\t\t\t\t\t\t<img loading=\"lazy\" decoding=\"async\" width=\"800\" height=\"600\" src=\"https:\/\/www.portusaludynutricion.org\/wp-content\/uploads\/2025\/04\/20210901_094803-1024x768.jpg\" class=\"attachment-large size-large wp-image-915\" alt=\"\" srcset=\"https:\/\/www.portusaludynutricion.org\/wp-content\/uploads\/2025\/04\/20210901_094803-1024x768.jpg 1024w, https:\/\/www.portusaludynutricion.org\/wp-content\/uploads\/2025\/04\/20210901_094803-300x225.jpg 300w, https:\/\/www.portusaludynutricion.org\/wp-content\/uploads\/2025\/04\/20210901_094803-768x576.jpg 768w, https:\/\/www.portusaludynutricion.org\/wp-content\/uploads\/2025\/04\/20210901_094803-1536x1152.jpg 1536w, https:\/\/www.portusaludynutricion.org\/wp-content\/uploads\/2025\/04\/20210901_094803-2048x1536.jpg 2048w, https:\/\/www.portusaludynutricion.org\/wp-content\/uploads\/2025\/04\/20210901_094803-16x12.jpg 16w\" sizes=\"(max-width: 800px) 100vw, 800px\" \/>\t\t\t\t\t\t\t\t\t\t\t\t\t\t\t<\/div>\n\t\t\t\t<\/div>\n\t\t\t\t<div class=\"elementor-element elementor-element-15dd3ce elementor-widget elementor-widget-text-editor\" data-id=\"15dd3ce\" data-element_type=\"widget\" data-widget_type=\"text-editor.default\">\n\t\t\t\t<div class=\"elementor-widget-container\">\n\t\t\t\t\t\t\t\t\t<p class=\"\" data-start=\"718\" data-end=\"733\">A la comunidad,<\/p><p class=\"\" data-start=\"735\" data-end=\"1017\">Nuestra <strong data-start=\"743\" data-end=\"793\">5ta Feria de Salud de los Campesinos del Valle<\/strong> fue una muestra m\u00e1s del poder de la colaboraci\u00f3n y el compromiso social. Gracias al esfuerzo conjunto de universidades, aliados y voluntarios, seguimos acercando servicios de salud a comunidades jornaleras que lo requieren.<\/p><p class=\"\" data-start=\"1019\" data-end=\"1147\">Agradecemos de coraz\u00f3n a quienes formaron parte de esta edici\u00f3n y contribuyeron a mejorar la calidad de vida de tantas personas.<\/p>\t\t\t\t\t\t\t\t<\/div>\n\t\t\t\t<\/div>\n\t\t\t\t\t<\/div>\n\t\t\t\t<\/div>\n\t\t<div class=\"elementor-element elementor-element-9bdcd8e e-flex e-con-boxed e-con e-parent\" data-id=\"9bdcd8e\" data-element_type=\"container\" data-settings=\"{&quot;background_background&quot;:&quot;classic&quot;}\">\n\t\t\t\t\t<div class=\"e-con-inner\">\n\t\t\t\t\t<\/div>\n\t\t\t\t<\/div>\n\t\t<div class=\"elementor-element elementor-element-14bcb7e e-flex e-con-boxed e-con e-parent\" data-id=\"14bcb7e\" data-element_type=\"container\">\n\t\t\t\t\t<div class=\"e-con-inner\">\n\t\t\t\t<div class=\"elementor-element elementor-element-37c266b elementor-widget elementor-widget-heading\" data-id=\"37c266b\" data-element_type=\"widget\" data-widget_type=\"heading.default\">\n\t\t\t\t<div class=\"elementor-widget-container\">\n\t\t\t\t\t<h2 class=\"elementor-heading-title elementor-size-default\">3RA FERIA DE SALUD DE LOS CAMPESINOS DEL VALLE<\/h2>\t\t\t\t<\/div>\n\t\t\t\t<\/div>\n\t\t\t\t<div class=\"elementor-element elementor-element-936d0f6 elementor-widget elementor-widget-image\" data-id=\"936d0f6\" data-element_type=\"widget\" data-widget_type=\"image.default\">\n\t\t\t\t<div class=\"elementor-widget-container\">\n\t\t\t\t\t\t\t\t\t\t\t\t\t\t\t<img loading=\"lazy\" decoding=\"async\" width=\"557\" height=\"317\" src=\"https:\/\/www.portusaludynutricion.org\/wp-content\/uploads\/2025\/04\/image-e1745368117164.png\" class=\"attachment-large size-large wp-image-911\" alt=\"\" srcset=\"https:\/\/www.portusaludynutricion.org\/wp-content\/uploads\/2025\/04\/image-e1745368117164.png 557w, https:\/\/www.portusaludynutricion.org\/wp-content\/uploads\/2025\/04\/image-e1745368117164-300x171.png 300w, https:\/\/www.portusaludynutricion.org\/wp-content\/uploads\/2025\/04\/image-e1745368117164-18x10.png 18w\" sizes=\"(max-width: 557px) 100vw, 557px\" \/>\t\t\t\t\t\t\t\t\t\t\t\t\t\t\t<\/div>\n\t\t\t\t<\/div>\n\t\t\t\t<div class=\"elementor-element elementor-element-363c1fa elementor-widget elementor-widget-text-editor\" data-id=\"363c1fa\" data-element_type=\"widget\" data-widget_type=\"text-editor.default\">\n\t\t\t\t<div class=\"elementor-widget-container\">\n\t\t\t\t\t\t\t\t\t<p class=\"\" data-start=\"255\" data-end=\"270\">A la comunidad,<\/p><p class=\"\" data-start=\"272\" data-end=\"493\">Con mucho entusiasmo, recordamos la realizaci\u00f3n de nuestra <strong data-start=\"331\" data-end=\"381\">3ra Feria de Salud de los Campesinos del Valle<\/strong>, una jornada dedicada a llevar atenci\u00f3n m\u00e9dica, orientaci\u00f3n nutricional y bienestar a quienes m\u00e1s lo necesitan.<\/p><p class=\"\" data-start=\"495\" data-end=\"687\">Agradecemos a todas las personas, instituciones y voluntarios que se sumaron a esta noble causa. Su participaci\u00f3n hizo posible que m\u00e1s familias tuvieran acceso a servicios de salud de calidad.<\/p>\t\t\t\t\t\t\t\t<\/div>\n\t\t\t\t<\/div>\n\t\t\t\t\t<\/div>\n\t\t\t\t<\/div>\n\t\t\t\t<\/div>","protected":false},"excerpt":{"rendered":"<p>Ponte al d\u00eda Integran a estudiantes de secundaria en proyecto de huertos escolares La Lic. Alma Rosa Morales Maza, directora de\u00a0\u201cPor tu Salud y Nutrici\u00f3n I.A.P.\u201d\u00a0inform\u00f3 que esta asociaci\u00f3n es pionera en la implementaci\u00f3n del modelo promotor comunitario en las\u00a0escuelas, aunque desde hace 10 a\u00f1os se lleva a cabo entre los residentes de la\u00a0zona rural. [&hellip;]<\/p>","protected":false},"author":1,"featured_media":0,"parent":0,"menu_order":0,"comment_status":"closed","ping_status":"closed","template":"elementor_header_footer","meta":{"footnotes":""},"class_list":["post-58","page","type-page","status-publish","hentry"],"_links":{"self":[{"href":"https:\/\/www.portusaludynutricion.org\/en\/wp-json\/wp\/v2\/pages\/58","targetHints":{"allow":["GET"]}}],"collection":[{"href":"https:\/\/www.portusaludynutricion.org\/en\/wp-json\/wp\/v2\/pages"}],"about":[{"href":"https:\/\/www.portusaludynutricion.org\/en\/wp-json\/wp\/v2\/types\/page"}],"author":[{"embeddable":true,"href":"https:\/\/www.portusaludynutricion.org\/en\/wp-json\/wp\/v2\/users\/1"}],"replies":[{"embeddable":true,"href":"https:\/\/www.portusaludynutricion.org\/en\/wp-json\/wp\/v2\/comments?post=58"}],"version-history":[{"count":55,"href":"https:\/\/www.portusaludynutricion.org\/en\/wp-json\/wp\/v2\/pages\/58\/revisions"}],"predecessor-version":[{"id":955,"href":"https:\/\/www.portusaludynutricion.org\/en\/wp-json\/wp\/v2\/pages\/58\/revisions\/955"}],"wp:attachment":[{"href":"https:\/\/www.portusaludynutricion.org\/en\/wp-json\/wp\/v2\/media?parent=58"}],"curies":[{"name":"wp","href":"https:\/\/api.w.org\/{rel}","templated":true}]}}